{"id":3120,"date":"2024-06-03T15:09:26","date_gmt":"2024-06-03T13:09:26","guid":{"rendered":"https:\/\/www.timeline-erp.com\/ro\/?page_id=3120"},"modified":"2024-07-29T14:09:25","modified_gmt":"2024-07-29T12:09:25","slug":"stiri","status":"publish","type":"page","link":"https:\/\/www.timeline-erp.com\/ro\/stiri\/","title":{"rendered":"\u0218tiri"},"content":{"rendered":"\t\t<div data-elementor-type=\"wp-page\" data-elementor-id=\"3120\" class=\"elementor elementor-3120\" data-elementor-post-type=\"page\">\n\t\t\t\t\t\t<section class=\"elementor-section elementor-top-section elementor-element elementor-element-6690ec39 elementor-section-full_width elementor-section-height-default elementor-section-height-default\" data-id=\"6690ec39\" data-element_type=\"section\" data-e-type=\"section\">\n\t\t\t\t\t\t<div class=\"elementor-container elementor-column-gap-default\">\n\t\t\t\t\t<div class=\"elementor-column elementor-col-100 elementor-top-column elementor-element elementor-element-72215cd7\" data-id=\"72215cd7\" data-element_type=\"column\" data-e-type=\"column\">\n\t\t\t<div class=\"elementor-widget-wrap elementor-element-populated\">\n\t\t\t\t\t\t<div class=\"elementor-element elementor-element-51415f0 elementor-widget elementor-widget-heading\" data-id=\"51415f0\" data-element_type=\"widget\" data-e-type=\"widget\" data-widget_type=\"heading.default\">\n\t\t\t\t<div class=\"elementor-widget-container\">\n\t\t\t\t\t<h1 class=\"elementor-heading-title elementor-size-xl\">\u0218tiri de la TimeLine Rom\u00e2nia<\/h1>\t\t\t\t<\/div>\n\t\t\t\t<\/div>\n\t\t\t\t<div class=\"elementor-element elementor-element-32fe6b74 elementor-widget elementor-widget-spacer\" data-id=\"32fe6b74\" data-element_type=\"widget\" data-e-type=\"widget\" data-widget_type=\"spacer.default\">\n\t\t\t\t<div class=\"elementor-widget-container\">\n\t\t\t\t\t\t\t<div class=\"elementor-spacer\">\n\t\t\t<div class=\"elementor-spacer-inner\"><\/div>\n\t\t<\/div>\n\t\t\t\t\t\t<\/div>\n\t\t\t\t<\/div>\n\t\t\t\t\t<\/div>\n\t\t<\/div>\n\t\t\t\t\t<\/div>\n\t\t<\/section>\n\t\t\t\t<section class=\"elementor-section elementor-top-section elementor-element elementor-element-677a3238 elementor-section-full_width elementor-section-height-min-height elementor-section-items-stretch elementor-section-height-default\" data-id=\"677a3238\" data-element_type=\"section\" data-e-type=\"section\">\n\t\t\t\t\t\t<div class=\"elementor-container elementor-column-gap-default\">\n\t\t\t\t\t<div class=\"elementor-column elementor-col-50 elementor-top-column elementor-element elementor-element-442ceb2c\" data-id=\"442ceb2c\" data-element_type=\"column\" data-e-type=\"column\">\n\t\t\t<div class=\"elementor-widget-wrap elementor-element-populated\">\n\t\t\t\t\t\t<div class=\"elementor-element elementor-element-148e5d7b elementor-grid-1 elementor-grid-tablet-1 elementor-grid-mobile-1 elementor-posts--thumbnail-top elementor-widget elementor-widget-posts\" data-id=\"148e5d7b\" data-element_type=\"widget\" data-e-type=\"widget\" data-settings=\"{&quot;classic_columns&quot;:&quot;1&quot;,&quot;classic_columns_tablet&quot;:&quot;1&quot;,&quot;classic_columns_mobile&quot;:&quot;1&quot;,&quot;classic_row_gap&quot;:{&quot;unit&quot;:&quot;px&quot;,&quot;size&quot;:35,&quot;sizes&quot;:[]},&quot;classic_row_gap_tablet&quot;:{&quot;unit&quot;:&quot;px&quot;,&quot;size&quot;:&quot;&quot;,&quot;sizes&quot;:[]},&quot;classic_row_gap_mobile&quot;:{&quot;unit&quot;:&quot;px&quot;,&quot;size&quot;:&quot;&quot;,&quot;sizes&quot;:[]}}\" data-widget_type=\"posts.classic\">\n\t\t\t\t<div class=\"elementor-widget-container\">\n\t\t\t\t\t\t\t<div class=\"elementor-posts-container elementor-posts elementor-posts--skin-classic elementor-grid\" role=\"list\">\n\t\t\t\t<article class=\"elementor-post elementor-grid-item post-3446 post type-post status-publish format-standard has-post-thumbnail hentry category-stiri\" role=\"listitem\">\n\t\t\t\t<a class=\"elementor-post__thumbnail__link\" href=\"https:\/\/www.timeline-erp.com\/ro\/premiu-sistem-erp-anul-2025-timeline-sibiu\/\" tabindex=\"-1\" >\n\t\t\t<div class=\"elementor-post__thumbnail\"><img fetchpriority=\"high\" decoding=\"async\" width=\"1310\" height=\"857\" src=\"https:\/\/www.timeline-erp.com\/ro\/wp-content\/uploads\/sites\/7\/2025\/11\/0203-Timline-e1764253552863.jpg\" class=\"attachment-full size-full wp-image-3447\" alt=\"Premiul Sistemul ERP al Anului 2025 TimeLine Sibiu.\" srcset=\"https:\/\/www.timeline-erp.com\/ro\/wp-content\/uploads\/sites\/7\/2025\/11\/0203-Timline-e1764253552863.jpg 1310w, https:\/\/www.timeline-erp.com\/ro\/wp-content\/uploads\/sites\/7\/2025\/11\/0203-Timline-e1764253552863-300x196.jpg 300w, https:\/\/www.timeline-erp.com\/ro\/wp-content\/uploads\/sites\/7\/2025\/11\/0203-Timline-e1764253552863-1030x674.jpg 1030w, https:\/\/www.timeline-erp.com\/ro\/wp-content\/uploads\/sites\/7\/2025\/11\/0203-Timline-e1764253552863-768x502.jpg 768w, https:\/\/www.timeline-erp.com\/ro\/wp-content\/uploads\/sites\/7\/2025\/11\/0203-Timline-e1764253552863-705x461.jpg 705w\" sizes=\"(max-width: 1310px) 100vw, 1310px\" \/><\/div>\n\t\t<\/a>\n\t\t\t\t<div class=\"elementor-post__text\">\n\t\t\t\t<h2 class=\"elementor-post__title\">\n\t\t\t<a href=\"https:\/\/www.timeline-erp.com\/ro\/premiu-sistem-erp-anul-2025-timeline-sibiu\/\" >\n\t\t\t\tEchipa TimeLine din Sibiu, premiat\u0103 la Frankfurt: \u201eSistemul ERP al Anului 2025\u201d\t\t\t<\/a>\n\t\t<\/h2>\n\t\t\t\t<div class=\"elementor-post__meta-data\">\n\t\t\t\t\t<span class=\"elementor-post-date\">\n\t\t\t27. noiembrie 2025\t\t<\/span>\n\t\t\t\t<\/div>\n\t\t\t\t<div class=\"elementor-post__excerpt\">\n\t\t\t<p>Program ERP dezvoltat la Sibiu, premiat la Frankfurt: \u201eSistemul ERP al Anului 2025\u201d Pentru a zecea oar\u0103 \u00een ultimii 15 ani, TimeLine ERP \u2013 un sistem dedicat companiilor de produc\u021bie \u0219i dezvoltat \u00een mare parte la Sibiu \u2013 prime\u0219te recunoa\u0219tere european\u0103. \u00cen cadrul evenimentului \u201eZiua Antreprenorilor IT\u201d de la Frankfurt,<\/p>\n\t\t<\/div>\n\t\t\n\t\t<a class=\"elementor-post__read-more\" href=\"https:\/\/www.timeline-erp.com\/ro\/premiu-sistem-erp-anul-2025-timeline-sibiu\/\" aria-label=\"Read more about Echipa TimeLine din Sibiu, premiat\u0103 la Frankfurt: \u201eSistemul ERP al Anului 2025\u201d\" tabindex=\"-1\" >\n\t\t\tCite\u0219te mai mult \u00bb\t\t<\/a>\n\n\t\t\t\t<\/div>\n\t\t\t\t<\/article>\n\t\t\t\t<\/div>\n\t\t\n\t\t\t\t\t\t<\/div>\n\t\t\t\t<\/div>\n\t\t\t\t\t<\/div>\n\t\t<\/div>\n\t\t\t\t<div class=\"elementor-column elementor-col-50 elementor-top-column elementor-element elementor-element-14490dd4\" data-id=\"14490dd4\" data-element_type=\"column\" data-e-type=\"column\">\n\t\t\t<div class=\"elementor-widget-wrap elementor-element-populated\">\n\t\t\t\t\t\t<div class=\"elementor-element elementor-element-6f328ae5 elementor-widget-divider--view-line_text elementor-widget-divider--element-align-right elementor-widget elementor-widget-divider\" data-id=\"6f328ae5\" data-element_type=\"widget\" data-e-type=\"widget\" data-widget_type=\"divider.default\">\n\t\t\t\t<div class=\"elementor-widget-container\">\n\t\t\t\t\t\t\t<div class=\"elementor-divider\">\n\t\t\t<span class=\"elementor-divider-separator\">\n\t\t\t\t\t\t\t<span class=\"elementor-divider__text elementor-divider__element\">\n\t\t\t\tUltimele post\u0103ri\t\t\t\t<\/span>\n\t\t\t\t\t\t<\/span>\n\t\t<\/div>\n\t\t\t\t\t\t<\/div>\n\t\t\t\t<\/div>\n\t\t\t\t<div class=\"elementor-element elementor-element-6428f40a elementor-grid-1 elementor-posts--align-left elementor-grid-tablet-1 elementor-grid-mobile-1 elementor-posts--thumbnail-top elementor-widget elementor-widget-posts\" data-id=\"6428f40a\" data-element_type=\"widget\" data-e-type=\"widget\" data-settings=\"{&quot;classic_columns&quot;:&quot;1&quot;,&quot;classic_row_gap&quot;:{&quot;unit&quot;:&quot;px&quot;,&quot;size&quot;:30,&quot;sizes&quot;:[]},&quot;classic_columns_tablet&quot;:&quot;1&quot;,&quot;classic_columns_mobile&quot;:&quot;1&quot;,&quot;classic_row_gap_tablet&quot;:{&quot;unit&quot;:&quot;px&quot;,&quot;size&quot;:&quot;&quot;,&quot;sizes&quot;:[]},&quot;classic_row_gap_mobile&quot;:{&quot;unit&quot;:&quot;px&quot;,&quot;size&quot;:&quot;&quot;,&quot;sizes&quot;:[]}}\" data-widget_type=\"posts.classic\">\n\t\t\t\t<div class=\"elementor-widget-container\">\n\t\t\t\t\t\t\t<div class=\"elementor-posts-container elementor-posts elementor-posts--skin-classic elementor-grid\" role=\"list\">\n\t\t\t\t<article class=\"elementor-post elementor-grid-item post-3080 post type-post status-publish format-standard has-post-thumbnail hentry category-info tag-anafefacturaerpspvtimeline\" role=\"listitem\">\n\t\t\t\t<a class=\"elementor-post__thumbnail__link\" href=\"https:\/\/www.timeline-erp.com\/ro\/e-factura-in-timeline-erp-2\/\" tabindex=\"-1\" >\n\t\t\t<div class=\"elementor-post__thumbnail\"><img decoding=\"async\" width=\"260\" height=\"185\" src=\"https:\/\/www.timeline-erp.com\/ro\/wp-content\/uploads\/sites\/7\/2024\/04\/efact_titlu2-260x185.webp\" class=\"attachment-portfolio_small size-portfolio_small wp-image-3090\" alt=\"E-Factura\" \/><\/div>\n\t\t<\/a>\n\t\t\t\t<div class=\"elementor-post__text\">\n\t\t\t\t<h3 class=\"elementor-post__title\">\n\t\t\t<a href=\"https:\/\/www.timeline-erp.com\/ro\/e-factura-in-timeline-erp-2\/\" >\n\t\t\t\te-Factura \u00een TimeLine ERP #2\t\t\t<\/a>\n\t\t<\/h3>\n\t\t\t\t<div class=\"elementor-post__meta-data\">\n\t\t\t\t\t<span class=\"elementor-post-date\">\n\t\t\t11. aprilie 2024\t\t<\/span>\n\t\t\t\t<\/div>\n\t\t\t\t<div class=\"elementor-post__excerpt\">\n\t\t\t<p>Implementarea e-Factura \u00een TimeLine ERP versiunea 15. Desc\u0103rcarea \u0219i arhivarea facturilor de achizi\u021bie.<\/p>\t\t<\/div>\n\t\t\n\t\t<a class=\"elementor-post__read-more\" href=\"https:\/\/www.timeline-erp.com\/ro\/e-factura-in-timeline-erp-2\/\" aria-label=\"Read more about e-Factura \u00een TimeLine ERP #2\" tabindex=\"-1\" >\n\t\t\tCite\u0219te mai mult \u00bb\t\t<\/a>\n\n\t\t\t\t<\/div>\n\t\t\t\t<\/article>\n\t\t\t\t<article class=\"elementor-post elementor-grid-item post-3079 post type-post status-publish format-standard has-post-thumbnail hentry category-info tag-anafefacturaerpspvtimeline\" role=\"listitem\">\n\t\t\t\t<a class=\"elementor-post__thumbnail__link\" href=\"https:\/\/www.timeline-erp.com\/ro\/e-factura-in-timeline-erp\/\" tabindex=\"-1\" >\n\t\t\t<div class=\"elementor-post__thumbnail\"><img decoding=\"async\" width=\"260\" height=\"185\" src=\"https:\/\/www.timeline-erp.com\/ro\/wp-content\/uploads\/sites\/7\/2024\/04\/efact_titlu1-260x185.webp\" class=\"attachment-portfolio_small size-portfolio_small wp-image-3091\" alt=\"E-Factura\" \/><\/div>\n\t\t<\/a>\n\t\t\t\t<div class=\"elementor-post__text\">\n\t\t\t\t<h3 class=\"elementor-post__title\">\n\t\t\t<a href=\"https:\/\/www.timeline-erp.com\/ro\/e-factura-in-timeline-erp\/\" >\n\t\t\t\te-Factura \u00een TimeLine ERP\t\t\t<\/a>\n\t\t<\/h3>\n\t\t\t\t<div class=\"elementor-post__meta-data\">\n\t\t\t\t\t<span class=\"elementor-post-date\">\n\t\t\t16. ianuarie 2024\t\t<\/span>\n\t\t\t\t<\/div>\n\t\t\t\t<div class=\"elementor-post__excerpt\">\n\t\t\t<p>Generare e-Factura din TimeLine ERP, at\u00e2t manual c\u00e2t \u0219i automatizat, prin integrare cu SPV<\/p>\t\t<\/div>\n\t\t\n\t\t<a class=\"elementor-post__read-more\" href=\"https:\/\/www.timeline-erp.com\/ro\/e-factura-in-timeline-erp\/\" aria-label=\"Read more about e-Factura \u00een TimeLine ERP\" tabindex=\"-1\" >\n\t\t\tCite\u0219te mai mult \u00bb\t\t<\/a>\n\n\t\t\t\t<\/div>\n\t\t\t\t<\/article>\n\t\t\t\t<\/div>\n\t\t\n\t\t\t\t\t\t<\/div>\n\t\t\t\t<\/div>\n\t\t\t\t\t<\/div>\n\t\t<\/div>\n\t\t\t\t\t<\/div>\n\t\t<\/section>\n\t\t\t\t<section class=\"elementor-section elementor-top-section elementor-element elementor-element-527e481b elementor-section-boxed elementor-section-height-default elementor-section-height-default\" data-id=\"527e481b\" data-element_type=\"section\" data-e-type=\"section\">\n\t\t\t\t\t\t<div class=\"elementor-container elementor-column-gap-default\">\n\t\t\t\t\t<div class=\"elementor-column elementor-col-50 elementor-top-column elementor-element elementor-element-7f8cf6ba\" data-id=\"7f8cf6ba\" data-element_type=\"column\" data-e-type=\"column\">\n\t\t\t<div class=\"elementor-widget-wrap elementor-element-populated\">\n\t\t\t\t\t\t<div class=\"elementor-element elementor-element-6dbda4e2 elementor-widget-divider--view-line_text elementor-widget-divider--element-align-right elementor-widget elementor-widget-divider\" data-id=\"6dbda4e2\" data-element_type=\"widget\" data-e-type=\"widget\" data-widget_type=\"divider.default\">\n\t\t\t\t<div class=\"elementor-widget-container\">\n\t\t\t\t\t\t\t<div class=\"elementor-divider\">\n\t\t\t<span class=\"elementor-divider-separator\">\n\t\t\t\t\t\t\t<span class=\"elementor-divider__text elementor-divider__element\">\n\t\t\t\t\u0218tiri\t\t\t\t<\/span>\n\t\t\t\t\t\t<\/span>\n\t\t<\/div>\n\t\t\t\t\t\t<\/div>\n\t\t\t\t<\/div>\n\t\t\t\t<div class=\"elementor-element elementor-element-5f5527f8 elementor-widget elementor-widget-heading\" data-id=\"5f5527f8\" data-element_type=\"widget\" data-e-type=\"widget\" data-widget_type=\"heading.default\">\n\t\t\t\t<div class=\"elementor-widget-container\">\n\t\t\t\t\t<h2 class=\"elementor-heading-title elementor-size-default\">Ce este nou?<\/h2>\t\t\t\t<\/div>\n\t\t\t\t<\/div>\n\t\t\t\t\t<\/div>\n\t\t<\/div>\n\t\t\t\t<div class=\"elementor-column elementor-col-50 elementor-top-column elementor-element elementor-element-1da98808\" data-id=\"1da98808\" data-element_type=\"column\" data-e-type=\"column\">\n\t\t\t<div class=\"elementor-widget-wrap\">\n\t\t\t\t\t\t\t<\/div>\n\t\t<\/div>\n\t\t\t\t\t<\/div>\n\t\t<\/section>\n\t\t\t\t<section class=\"elementor-section elementor-top-section elementor-element elementor-element-53981e3 elementor-section-boxed elementor-section-height-default elementor-section-height-default\" data-id=\"53981e3\" data-element_type=\"section\" data-e-type=\"section\">\n\t\t\t\t\t\t<div class=\"elementor-container elementor-column-gap-default\">\n\t\t\t\t\t<div class=\"elementor-column elementor-col-100 elementor-top-column elementor-element elementor-element-a2e1e7b\" data-id=\"a2e1e7b\" data-element_type=\"column\" data-e-type=\"column\">\n\t\t\t<div class=\"elementor-widget-wrap elementor-element-populated\">\n\t\t\t\t\t\t<div class=\"elementor-element elementor-element-199f6cac elementor-grid-2 elementor-posts--thumbnail-right elementor-posts--align-left elementor-grid-tablet-1 elementor-grid-mobile-1 elementor-widget elementor-widget-posts\" data-id=\"199f6cac\" data-element_type=\"widget\" data-e-type=\"widget\" data-settings=\"{&quot;classic_columns&quot;:&quot;2&quot;,&quot;classic_row_gap&quot;:{&quot;unit&quot;:&quot;px&quot;,&quot;size&quot;:&quot;60&quot;,&quot;sizes&quot;:[]},&quot;classic_columns_tablet&quot;:&quot;1&quot;,&quot;classic_columns_mobile&quot;:&quot;1&quot;,&quot;classic_row_gap_tablet&quot;:{&quot;unit&quot;:&quot;px&quot;,&quot;size&quot;:&quot;&quot;,&quot;sizes&quot;:[]},&quot;classic_row_gap_mobile&quot;:{&quot;unit&quot;:&quot;px&quot;,&quot;size&quot;:&quot;&quot;,&quot;sizes&quot;:[]}}\" data-widget_type=\"posts.classic\">\n\t\t\t\t<div class=\"elementor-widget-container\">\n\t\t\t\t\t\t\t<div class=\"elementor-posts-container elementor-posts elementor-posts--skin-classic elementor-grid\" role=\"list\">\n\t\t\t\t<article class=\"elementor-post elementor-grid-item post-3081 post type-post status-publish format-standard has-post-thumbnail hentry category-stiri tag-bucurestierpmetalshowprezentareromexpo\" role=\"listitem\">\n\t\t\t\t<a class=\"elementor-post__thumbnail__link\" href=\"https:\/\/www.timeline-erp.com\/ro\/vizitati-ne-la-metalshow-tib-2024\/\" tabindex=\"-1\" >\n\t\t\t<div class=\"elementor-post__thumbnail\"><img loading=\"lazy\" decoding=\"async\" width=\"800\" height=\"500\" src=\"https:\/\/www.timeline-erp.com\/ro\/wp-content\/uploads\/sites\/7\/2024\/05\/metalshow2024.jpg\" class=\"attachment-full size-full wp-image-3082\" alt=\"\" srcset=\"https:\/\/www.timeline-erp.com\/ro\/wp-content\/uploads\/sites\/7\/2024\/05\/metalshow2024.jpg 800w, https:\/\/www.timeline-erp.com\/ro\/wp-content\/uploads\/sites\/7\/2024\/05\/metalshow2024-300x188.webp 300w, https:\/\/www.timeline-erp.com\/ro\/wp-content\/uploads\/sites\/7\/2024\/05\/metalshow2024-768x480.webp 768w, https:\/\/www.timeline-erp.com\/ro\/wp-content\/uploads\/sites\/7\/2024\/05\/metalshow2024-705x441.webp 705w\" sizes=\"(max-width: 800px) 100vw, 800px\" \/><\/div>\n\t\t<\/a>\n\t\t\t\t<div class=\"elementor-post__text\">\n\t\t\t\t<h3 class=\"elementor-post__title\">\n\t\t\t<a href=\"https:\/\/www.timeline-erp.com\/ro\/vizitati-ne-la-metalshow-tib-2024\/\" >\n\t\t\t\tVizita\u021bi-ne la MetalShow &amp; TIB 2024\t\t\t<\/a>\n\t\t<\/h3>\n\t\t\t\t<div class=\"elementor-post__meta-data\">\n\t\t\t\t\t<span class=\"elementor-post-date\">\n\t\t\t26. aprilie 2024\t\t<\/span>\n\t\t\t\t<\/div>\n\t\t\t\t<div class=\"elementor-post__excerpt\">\n\t\t\t<p>Firma noastr\u0103 va face parte \u0219i anul acesta din r\u00e2ndul expozan\u021bilor de la Metal Show, oferind astfel vizitatorilor tuturor t\u00e2rgurilor posibilitatea de a descoperi solu\u021biile TimeLine ERP dedicate industriilor<\/p>\t\t<\/div>\n\t\t\n\t\t<a class=\"elementor-post__read-more\" href=\"https:\/\/www.timeline-erp.com\/ro\/vizitati-ne-la-metalshow-tib-2024\/\" aria-label=\"Read more about Vizita\u021bi-ne la MetalShow &amp; TIB 2024\" tabindex=\"-1\" >\n\t\t\tCite\u0219te mai mult \u00bb\t\t<\/a>\n\n\t\t\t\t<\/div>\n\t\t\t\t<\/article>\n\t\t\t\t<article class=\"elementor-post elementor-grid-item post-3078 post type-post status-publish format-standard has-post-thumbnail hentry category-stiri tag-erperp-of-the-yeargermaniapremiu\" role=\"listitem\">\n\t\t\t\t<a class=\"elementor-post__thumbnail__link\" href=\"https:\/\/www.timeline-erp.com\/ro\/timeline-erp-castiga-doua-premii-la-erp-of-the-year-2023-germania\/\" tabindex=\"-1\" >\n\t\t\t<div class=\"elementor-post__thumbnail\"><img loading=\"lazy\" decoding=\"async\" width=\"930\" height=\"620\" src=\"https:\/\/www.timeline-erp.com\/ro\/wp-content\/uploads\/sites\/7\/2023\/09\/timeline-preisverleihung-erp-system-des-jahres-2023-930x620-1.jpg\" class=\"attachment-full size-full wp-image-3095\" alt=\"Decernare premiu\" srcset=\"https:\/\/www.timeline-erp.com\/ro\/wp-content\/uploads\/sites\/7\/2023\/09\/timeline-preisverleihung-erp-system-des-jahres-2023-930x620-1.jpg 930w, https:\/\/www.timeline-erp.com\/ro\/wp-content\/uploads\/sites\/7\/2023\/09\/timeline-preisverleihung-erp-system-des-jahres-2023-930x620-1-300x200.webp 300w, https:\/\/www.timeline-erp.com\/ro\/wp-content\/uploads\/sites\/7\/2023\/09\/timeline-preisverleihung-erp-system-des-jahres-2023-930x620-1-768x512.webp 768w, https:\/\/www.timeline-erp.com\/ro\/wp-content\/uploads\/sites\/7\/2023\/09\/timeline-preisverleihung-erp-system-des-jahres-2023-930x620-1-705x470.webp 705w\" sizes=\"(max-width: 930px) 100vw, 930px\" \/><\/div>\n\t\t<\/a>\n\t\t\t\t<div class=\"elementor-post__text\">\n\t\t\t\t<h3 class=\"elementor-post__title\">\n\t\t\t<a href=\"https:\/\/www.timeline-erp.com\/ro\/timeline-erp-castiga-doua-premii-la-erp-of-the-year-2023-germania\/\" >\n\t\t\t\tTimeLine ERP c\u00e2\u0219tig\u0103 dou\u0103 premii la \u201cERP of the Year\u201d 2023\t\t\t<\/a>\n\t\t<\/h3>\n\t\t\t\t<div class=\"elementor-post__meta-data\">\n\t\t\t\t\t<span class=\"elementor-post-date\">\n\t\t\t28. septembrie 2023\t\t<\/span>\n\t\t\t\t<\/div>\n\t\t\t\t<div class=\"elementor-post__excerpt\">\n\t\t\t<p>TimeLine ERP c\u00e2\u0219tig\u0103 2 premii \u00een cadrul concursului \u201cERP of the Year\u201d organizat \u00een Germania de Center for Enterprise Research\/Universitatea Potsdam, Berlin.<\/p> <p>TimeLine ERP s-a clasat pe primul loc al\t\t<\/div>\n\t\t\n\t\t<a class=\"elementor-post__read-more\" href=\"https:\/\/www.timeline-erp.com\/ro\/timeline-erp-castiga-doua-premii-la-erp-of-the-year-2023-germania\/\" aria-label=\"Read more about TimeLine ERP c\u00e2\u0219tig\u0103 dou\u0103 premii la \u201cERP of the Year\u201d 2023\" tabindex=\"-1\" >\n\t\t\tCite\u0219te mai mult \u00bb\t\t<\/a>\n\n\t\t\t\t<\/div>\n\t\t\t\t<\/article>\n\t\t\t\t<article class=\"elementor-post elementor-grid-item post-3075 post type-post status-publish format-standard has-post-thumbnail hentry category-stiri tag-clustercomunitatesibiusibiu-ittimeline\" role=\"listitem\">\n\t\t\t\t<a class=\"elementor-post__thumbnail__link\" href=\"https:\/\/www.timeline-erp.com\/ro\/timeline-erp-este-parte-din-asociatia-sibiu-it\/\" tabindex=\"-1\" >\n\t\t\t<div class=\"elementor-post__thumbnail\"><img loading=\"lazy\" decoding=\"async\" width=\"1094\" height=\"657\" src=\"https:\/\/www.timeline-erp.com\/ro\/wp-content\/uploads\/sites\/7\/2024\/05\/asociatia-sibiu-it-08.12-44.jpg\" class=\"attachment-full size-full wp-image-3076\" alt=\"\" srcset=\"https:\/\/www.timeline-erp.com\/ro\/wp-content\/uploads\/sites\/7\/2024\/05\/asociatia-sibiu-it-08.12-44.jpg 1094w, https:\/\/www.timeline-erp.com\/ro\/wp-content\/uploads\/sites\/7\/2024\/05\/asociatia-sibiu-it-08.12-44-300x180.webp 300w, https:\/\/www.timeline-erp.com\/ro\/wp-content\/uploads\/sites\/7\/2024\/05\/asociatia-sibiu-it-08.12-44-1030x619.webp 1030w, https:\/\/www.timeline-erp.com\/ro\/wp-content\/uploads\/sites\/7\/2024\/05\/asociatia-sibiu-it-08.12-44-768x461.webp 768w, https:\/\/www.timeline-erp.com\/ro\/wp-content\/uploads\/sites\/7\/2024\/05\/asociatia-sibiu-it-08.12-44-705x423.webp 705w\" sizes=\"(max-width: 1094px) 100vw, 1094px\" \/><\/div>\n\t\t<\/a>\n\t\t\t\t<div class=\"elementor-post__text\">\n\t\t\t\t<h3 class=\"elementor-post__title\">\n\t\t\t<a href=\"https:\/\/www.timeline-erp.com\/ro\/timeline-erp-este-parte-din-asociatia-sibiu-it\/\" >\n\t\t\t\tTimeLine ERP este parte din Asocia\u021bia Sibiu IT\t\t\t<\/a>\n\t\t<\/h3>\n\t\t\t\t<div class=\"elementor-post__meta-data\">\n\t\t\t\t\t<span class=\"elementor-post-date\">\n\t\t\t30. ianuarie 2023\t\t<\/span>\n\t\t\t\t<\/div>\n\t\t\t\t<div class=\"elementor-post__excerpt\">\n\t\t\t<p>24 de firme sibiene cu capital rom\u00e2nesc sau multina\u021bional au r\u0103spuns invita\u021biei de a face parte din Asocia\u021bia Sibiu IT, lansat\u0103 la finalul anului trecut. Una dintre aceste firme este\t\t<\/div>\n\t\t\n\t\t<a class=\"elementor-post__read-more\" href=\"https:\/\/www.timeline-erp.com\/ro\/timeline-erp-este-parte-din-asociatia-sibiu-it\/\" aria-label=\"Read more about TimeLine ERP este parte din Asocia\u021bia Sibiu IT\" tabindex=\"-1\" >\n\t\t\tCite\u0219te mai mult \u00bb\t\t<\/a>\n\n\t\t\t\t<\/div>\n\t\t\t\t<\/article>\n\t\t\t\t<article class=\"elementor-post elementor-grid-item post-3070 post type-post status-publish format-standard has-post-thumbnail hentry category-stiri tag-erp-of-the-yearpremiutimeline\" role=\"listitem\">\n\t\t\t\t<a class=\"elementor-post__thumbnail__link\" href=\"https:\/\/www.timeline-erp.com\/ro\/timeline-erp-castiga-premiul-erp-of-the-year-2021\/\" tabindex=\"-1\" >\n\t\t\t<div class=\"elementor-post__thumbnail\"><img loading=\"lazy\" decoding=\"async\" width=\"930\" height=\"593\" src=\"https:\/\/www.timeline-erp.com\/ro\/wp-content\/uploads\/sites\/7\/2021\/10\/248919981_4358038120946255_2195525906656430817_n-930x593-1.jpeg\" class=\"attachment-full size-full wp-image-3103\" alt=\"Decernare ERP of the Year 2021\" srcset=\"https:\/\/www.timeline-erp.com\/ro\/wp-content\/uploads\/sites\/7\/2021\/10\/248919981_4358038120946255_2195525906656430817_n-930x593-1.jpeg 930w, https:\/\/www.timeline-erp.com\/ro\/wp-content\/uploads\/sites\/7\/2021\/10\/248919981_4358038120946255_2195525906656430817_n-930x593-1-300x191.webp 300w, https:\/\/www.timeline-erp.com\/ro\/wp-content\/uploads\/sites\/7\/2021\/10\/248919981_4358038120946255_2195525906656430817_n-930x593-1-768x490.webp 768w, https:\/\/www.timeline-erp.com\/ro\/wp-content\/uploads\/sites\/7\/2021\/10\/248919981_4358038120946255_2195525906656430817_n-930x593-1-705x450.webp 705w\" sizes=\"(max-width: 930px) 100vw, 930px\" \/><\/div>\n\t\t<\/a>\n\t\t\t\t<div class=\"elementor-post__text\">\n\t\t\t\t<h3 class=\"elementor-post__title\">\n\t\t\t<a href=\"https:\/\/www.timeline-erp.com\/ro\/timeline-erp-castiga-premiul-erp-of-the-year-2021\/\" >\n\t\t\t\tTimeLine ERP c\u00e2\u0219tig\u0103 premiul \u201cERP of the Year\u201d 2021\t\t\t<\/a>\n\t\t<\/h3>\n\t\t\t\t<div class=\"elementor-post__meta-data\">\n\t\t\t\t\t<span class=\"elementor-post-date\">\n\t\t\t29. octombrie 2021\t\t<\/span>\n\t\t\t\t<\/div>\n\t\t\t\t<div class=\"elementor-post__excerpt\">\n\t\t\t<p>TimeLine Business Solutions Group a c\u00e2\u0219tigat premiul pentru cel mai bun ERP \u00een sectorul \u201cproduc\u021bie de unicate\/produc\u021bie orientat\u0103 pe proiect\u201d, decernat de c\u0103tre Center for Enterprise Research, parte a Universit\u0103\u021bii\t\t<\/div>\n\t\t\n\t\t<a class=\"elementor-post__read-more\" href=\"https:\/\/www.timeline-erp.com\/ro\/timeline-erp-castiga-premiul-erp-of-the-year-2021\/\" aria-label=\"Read more about TimeLine ERP c\u00e2\u0219tig\u0103 premiul \u201cERP of the Year\u201d 2021\" tabindex=\"-1\" >\n\t\t\tCite\u0219te mai mult \u00bb\t\t<\/a>\n\n\t\t\t\t<\/div>\n\t\t\t\t<\/article>\n\t\t\t\t<article class=\"elementor-post elementor-grid-item post-3062 post type-post status-publish format-standard has-post-thumbnail hentry category-stiri tag-erpfraunhoferlogisticsrecomandaretimeline\" role=\"listitem\">\n\t\t\t\t<a class=\"elementor-post__thumbnail__link\" href=\"https:\/\/www.timeline-erp.com\/ro\/timeline-erp-validat-de-fraunhofer-iml\/\" tabindex=\"-1\" >\n\t\t\t<div class=\"elementor-post__thumbnail\"><img loading=\"lazy\" decoding=\"async\" width=\"1024\" height=\"800\" src=\"https:\/\/www.timeline-erp.com\/ro\/wp-content\/uploads\/sites\/7\/2020\/05\/erp-copy.jpg\" class=\"attachment-full size-full wp-image-3112\" alt=\"ERP Logistics\" srcset=\"https:\/\/www.timeline-erp.com\/ro\/wp-content\/uploads\/sites\/7\/2020\/05\/erp-copy.jpg 1024w, https:\/\/www.timeline-erp.com\/ro\/wp-content\/uploads\/sites\/7\/2020\/05\/erp-copy-300x234.webp 300w, https:\/\/www.timeline-erp.com\/ro\/wp-content\/uploads\/sites\/7\/2020\/05\/erp-copy-768x600.webp 768w, https:\/\/www.timeline-erp.com\/ro\/wp-content\/uploads\/sites\/7\/2020\/05\/erp-copy-705x551.webp 705w\" sizes=\"(max-width: 1024px) 100vw, 1024px\" \/><\/div>\n\t\t<\/a>\n\t\t\t\t<div class=\"elementor-post__text\">\n\t\t\t\t<h3 class=\"elementor-post__title\">\n\t\t\t<a href=\"https:\/\/www.timeline-erp.com\/ro\/timeline-erp-validat-de-fraunhofer-iml\/\" >\n\t\t\t\tTimeLine ERP: validat de Fraunhofer IML\t\t\t<\/a>\n\t\t<\/h3>\n\t\t\t\t<div class=\"elementor-post__meta-data\">\n\t\t\t\t\t<span class=\"elementor-post-date\">\n\t\t\t25. mai 2020\t\t<\/span>\n\t\t\t\t<\/div>\n\t\t\t\t<div class=\"elementor-post__excerpt\">\n\t\t\t<p>TimeLine ERP a fost validat de Fraunhofer IML<\/p>\t\t<\/div>\n\t\t\n\t\t<a class=\"elementor-post__read-more\" href=\"https:\/\/www.timeline-erp.com\/ro\/timeline-erp-validat-de-fraunhofer-iml\/\" aria-label=\"Read more about TimeLine ERP: validat de Fraunhofer IML\" tabindex=\"-1\" >\n\t\t\tCite\u0219te mai mult \u00bb\t\t<\/a>\n\n\t\t\t\t<\/div>\n\t\t\t\t<\/article>\n\t\t\t\t<\/div>\n\t\t\n\t\t\t\t\t\t<\/div>\n\t\t\t\t<\/div>\n\t\t\t\t\t<\/div>\n\t\t<\/div>\n\t\t\t\t\t<\/div>\n\t\t<\/section>\n\t\t\t\t<section class=\"elementor-section elementor-top-section elementor-element elementor-element-2e095046 elementor-section-full_width elementor-section-height-default elementor-section-height-default\" data-id=\"2e095046\" data-element_type=\"section\" data-e-type=\"section\" data-settings=\"{&quot;background_background&quot;:&quot;classic&quot;}\">\n\t\t\t\t\t\t<div class=\"elementor-container elementor-column-gap-default\">\n\t\t\t\t\t<div class=\"elementor-column elementor-col-50 elementor-top-column elementor-element elementor-element-10b8743a\" data-id=\"10b8743a\" data-element_type=\"column\" data-e-type=\"column\" data-settings=\"{&quot;background_background&quot;:&quot;classic&quot;}\">\n\t\t\t<div class=\"elementor-widget-wrap elementor-element-populated\">\n\t\t\t\t\t\t<div class=\"elementor-element elementor-element-2cf7d5f8 elementor-widget elementor-widget-spacer\" data-id=\"2cf7d5f8\" data-element_type=\"widget\" data-e-type=\"widget\" data-widget_type=\"spacer.default\">\n\t\t\t\t<div class=\"elementor-widget-container\">\n\t\t\t\t\t\t\t<div class=\"elementor-spacer\">\n\t\t\t<div class=\"elementor-spacer-inner\"><\/div>\n\t\t<\/div>\n\t\t\t\t\t\t<\/div>\n\t\t\t\t<\/div>\n\t\t\t\t\t<\/div>\n\t\t<\/div>\n\t\t\t\t<div class=\"elementor-column elementor-col-50 elementor-top-column elementor-element elementor-element-70e2a792\" data-id=\"70e2a792\" data-element_type=\"column\" data-e-type=\"column\">\n\t\t\t<div class=\"elementor-widget-wrap elementor-element-populated\">\n\t\t\t\t\t\t<section class=\"elementor-section elementor-inner-section elementor-element elementor-element-3a4c1084 elementor-section-height-min-height elementor-section-boxed elementor-section-height-default\" data-id=\"3a4c1084\" data-element_type=\"section\" data-e-type=\"section\" data-settings=\"{&quot;background_background&quot;:&quot;classic&quot;}\">\n\t\t\t\t\t\t<div class=\"elementor-container elementor-column-gap-default\">\n\t\t\t\t\t<div class=\"elementor-column elementor-col-100 elementor-inner-column elementor-element elementor-element-708b2667\" data-id=\"708b2667\" data-element_type=\"column\" data-e-type=\"column\">\n\t\t\t<div class=\"elementor-widget-wrap elementor-element-populated\">\n\t\t\t\t\t\t<div class=\"elementor-element elementor-element-6a13a076 elementor-widget-divider--view-line_text elementor-widget-divider--element-align-right elementor-widget elementor-widget-divider\" data-id=\"6a13a076\" data-element_type=\"widget\" data-e-type=\"widget\" data-widget_type=\"divider.default\">\n\t\t\t\t<div class=\"elementor-widget-container\">\n\t\t\t\t\t\t\t<div class=\"elementor-divider\">\n\t\t\t<span class=\"elementor-divider-separator\">\n\t\t\t\t\t\t\t<span class=\"elementor-divider__text elementor-divider__element\">\n\t\t\t\tVersiune nou\u0103\t\t\t\t<\/span>\n\t\t\t\t\t\t<\/span>\n\t\t<\/div>\n\t\t\t\t\t\t<\/div>\n\t\t\t\t<\/div>\n\t\t\t\t<div class=\"elementor-element elementor-element-635e7f97 elementor-widget elementor-widget-heading\" data-id=\"635e7f97\" data-element_type=\"widget\" data-e-type=\"widget\" data-widget_type=\"heading.default\">\n\t\t\t\t<div class=\"elementor-widget-container\">\n\t\t\t\t\t<h2 class=\"elementor-heading-title elementor-size-default\">Versiunea 16 vine \u00een cur\u00e2nd<\/h2>\t\t\t\t<\/div>\n\t\t\t\t<\/div>\n\t\t\t\t\t<\/div>\n\t\t<\/div>\n\t\t\t\t\t<\/div>\n\t\t<\/section>\n\t\t\t\t\t<\/div>\n\t\t<\/div>\n\t\t\t\t\t<\/div>\n\t\t<\/section>\n\t\t\t\t<section class=\"elementor-section elementor-top-section elementor-element elementor-element-3e9dcbc elementor-section-boxed elementor-section-height-default elementor-section-height-default\" data-id=\"3e9dcbc\" data-element_type=\"section\" data-e-type=\"section\">\n\t\t\t\t\t\t<div class=\"elementor-container elementor-column-gap-default\">\n\t\t\t\t\t<div class=\"elementor-column elementor-col-100 elementor-top-column elementor-element elementor-element-6e5bc2d1\" data-id=\"6e5bc2d1\" data-element_type=\"column\" data-e-type=\"column\">\n\t\t\t<div class=\"elementor-widget-wrap elementor-element-populated\">\n\t\t\t\t\t\t<div class=\"elementor-element elementor-element-633e0c3f elementor-widget-divider--view-line_text elementor-widget-divider--element-align-right elementor-widget elementor-widget-divider\" data-id=\"633e0c3f\" data-element_type=\"widget\" data-e-type=\"widget\" data-widget_type=\"divider.default\">\n\t\t\t\t<div class=\"elementor-widget-container\">\n\t\t\t\t\t\t\t<div class=\"elementor-divider\">\n\t\t\t<span class=\"elementor-divider-separator\">\n\t\t\t\t\t\t\t<span class=\"elementor-divider__text elementor-divider__element\">\n\t\t\t\tInforma\u021bii utile\t\t\t\t<\/span>\n\t\t\t\t\t\t<\/span>\n\t\t<\/div>\n\t\t\t\t\t\t<\/div>\n\t\t\t\t<\/div>\n\t\t\t\t<div class=\"elementor-element elementor-element-7979538c elementor-widget elementor-widget-heading\" data-id=\"7979538c\" data-element_type=\"widget\" data-e-type=\"widget\" data-widget_type=\"heading.default\">\n\t\t\t\t<div class=\"elementor-widget-container\">\n\t\t\t\t\t<h2 class=\"elementor-heading-title elementor-size-default\">Dori\u021bi s\u0103 afla\u021bi mai multe despre TimeLine ERP?<\/h2>\t\t\t\t<\/div>\n\t\t\t\t<\/div>\n\t\t\t\t<div class=\"elementor-element elementor-element-59ae8aa8 elementor-grid-1 elementor-posts--thumbnail-left elementor-posts--align-left elementor-grid-tablet-1 elementor-grid-mobile-1 elementor-widget elementor-widget-posts\" data-id=\"59ae8aa8\" data-element_type=\"widget\" data-e-type=\"widget\" data-settings=\"{&quot;classic_columns&quot;:&quot;1&quot;,&quot;classic_row_gap&quot;:{&quot;unit&quot;:&quot;px&quot;,&quot;size&quot;:&quot;50&quot;,&quot;sizes&quot;:[]},&quot;classic_columns_tablet&quot;:&quot;1&quot;,&quot;classic_columns_mobile&quot;:&quot;1&quot;,&quot;classic_row_gap_tablet&quot;:{&quot;unit&quot;:&quot;px&quot;,&quot;size&quot;:&quot;&quot;,&quot;sizes&quot;:[]},&quot;classic_row_gap_mobile&quot;:{&quot;unit&quot;:&quot;px&quot;,&quot;size&quot;:&quot;&quot;,&quot;sizes&quot;:[]}}\" data-widget_type=\"posts.classic\">\n\t\t\t\t<div class=\"elementor-widget-container\">\n\t\t\t\t\t\t\t<div class=\"elementor-posts-container elementor-posts elementor-posts--skin-classic elementor-grid\" role=\"list\">\n\t\t\t\t<article class=\"elementor-post elementor-grid-item post-3080 post type-post status-publish format-standard has-post-thumbnail hentry category-info tag-anafefacturaerpspvtimeline\" role=\"listitem\">\n\t\t\t\t<a class=\"elementor-post__thumbnail__link\" href=\"https:\/\/www.timeline-erp.com\/ro\/e-factura-in-timeline-erp-2\/\" tabindex=\"-1\" >\n\t\t\t<div class=\"elementor-post__thumbnail\"><img loading=\"lazy\" decoding=\"async\" width=\"907\" height=\"400\" src=\"https:\/\/www.timeline-erp.com\/ro\/wp-content\/uploads\/sites\/7\/2024\/04\/efact_titlu2.jpg\" class=\"attachment-featured size-featured wp-image-3090\" alt=\"E-Factura\" srcset=\"https:\/\/www.timeline-erp.com\/ro\/wp-content\/uploads\/sites\/7\/2024\/04\/efact_titlu2.jpg 907w, https:\/\/www.timeline-erp.com\/ro\/wp-content\/uploads\/sites\/7\/2024\/04\/efact_titlu2-300x132.webp 300w, https:\/\/www.timeline-erp.com\/ro\/wp-content\/uploads\/sites\/7\/2024\/04\/efact_titlu2-768x339.webp 768w, https:\/\/www.timeline-erp.com\/ro\/wp-content\/uploads\/sites\/7\/2024\/04\/efact_titlu2-705x311.webp 705w\" sizes=\"(max-width: 907px) 100vw, 907px\" \/><\/div>\n\t\t<\/a>\n\t\t\t\t<div class=\"elementor-post__text\">\n\t\t\t\t<h3 class=\"elementor-post__title\">\n\t\t\t<a href=\"https:\/\/www.timeline-erp.com\/ro\/e-factura-in-timeline-erp-2\/\" >\n\t\t\t\te-Factura \u00een TimeLine ERP #2\t\t\t<\/a>\n\t\t<\/h3>\n\t\t\t\t<div class=\"elementor-post__meta-data\">\n\t\t\t\t\t<span class=\"elementor-post-date\">\n\t\t\t11. aprilie 2024\t\t<\/span>\n\t\t\t\t<\/div>\n\t\t\t\t<div class=\"elementor-post__excerpt\">\n\t\t\t<p>Implementarea e-Factura \u00een TimeLine ERP versiunea 15. Desc\u0103rcarea \u0219i arhivarea facturilor de achizi\u021bie.<\/p>\t\t<\/div>\n\t\t\n\t\t<a class=\"elementor-post__read-more\" href=\"https:\/\/www.timeline-erp.com\/ro\/e-factura-in-timeline-erp-2\/\" aria-label=\"Read more about e-Factura \u00een TimeLine ERP #2\" tabindex=\"-1\" >\n\t\t\tCite\u0219te mai mult \u00bb\t\t<\/a>\n\n\t\t\t\t<\/div>\n\t\t\t\t<\/article>\n\t\t\t\t<article class=\"elementor-post elementor-grid-item post-3079 post type-post status-publish format-standard has-post-thumbnail hentry category-info tag-anafefacturaerpspvtimeline\" role=\"listitem\">\n\t\t\t\t<a class=\"elementor-post__thumbnail__link\" href=\"https:\/\/www.timeline-erp.com\/ro\/e-factura-in-timeline-erp\/\" tabindex=\"-1\" >\n\t\t\t<div class=\"elementor-post__thumbnail\"><img loading=\"lazy\" decoding=\"async\" width=\"907\" height=\"400\" src=\"https:\/\/www.timeline-erp.com\/ro\/wp-content\/uploads\/sites\/7\/2024\/04\/efact_titlu1.jpg\" class=\"attachment-featured size-featured wp-image-3091\" alt=\"E-Factura\" srcset=\"https:\/\/www.timeline-erp.com\/ro\/wp-content\/uploads\/sites\/7\/2024\/04\/efact_titlu1.jpg 907w, https:\/\/www.timeline-erp.com\/ro\/wp-content\/uploads\/sites\/7\/2024\/04\/efact_titlu1-300x132.webp 300w, https:\/\/www.timeline-erp.com\/ro\/wp-content\/uploads\/sites\/7\/2024\/04\/efact_titlu1-768x339.webp 768w, https:\/\/www.timeline-erp.com\/ro\/wp-content\/uploads\/sites\/7\/2024\/04\/efact_titlu1-705x311.webp 705w\" sizes=\"(max-width: 907px) 100vw, 907px\" \/><\/div>\n\t\t<\/a>\n\t\t\t\t<div class=\"elementor-post__text\">\n\t\t\t\t<h3 class=\"elementor-post__title\">\n\t\t\t<a href=\"https:\/\/www.timeline-erp.com\/ro\/e-factura-in-timeline-erp\/\" >\n\t\t\t\te-Factura \u00een TimeLine ERP\t\t\t<\/a>\n\t\t<\/h3>\n\t\t\t\t<div class=\"elementor-post__meta-data\">\n\t\t\t\t\t<span class=\"elementor-post-date\">\n\t\t\t16. ianuarie 2024\t\t<\/span>\n\t\t\t\t<\/div>\n\t\t\t\t<div class=\"elementor-post__excerpt\">\n\t\t\t<p>Generare e-Factura din TimeLine ERP, at\u00e2t manual c\u00e2t \u0219i automatizat, prin integrare cu SPV<\/p>\t\t<\/div>\n\t\t\n\t\t<a class=\"elementor-post__read-more\" href=\"https:\/\/www.timeline-erp.com\/ro\/e-factura-in-timeline-erp\/\" aria-label=\"Read more about e-Factura \u00een TimeLine ERP\" tabindex=\"-1\" >\n\t\t\tCite\u0219te mai mult \u00bb\t\t<\/a>\n\n\t\t\t\t<\/div>\n\t\t\t\t<\/article>\n\t\t\t\t<article class=\"elementor-post elementor-grid-item post-3069 post type-post status-publish format-standard has-post-thumbnail hentry category-info tag-importlasermetalixnestingoferta\" role=\"listitem\">\n\t\t\t\t<a class=\"elementor-post__thumbnail__link\" href=\"https:\/\/www.timeline-erp.com\/ro\/studiu-de-caz-importul-ofertelor-generate-de-un-program-de-nesting-taiere-cu-laser\/\" tabindex=\"-1\" >\n\t\t\t<div class=\"elementor-post__thumbnail\"><img loading=\"lazy\" decoding=\"async\" width=\"930\" height=\"430\" src=\"https:\/\/www.timeline-erp.com\/ro\/wp-content\/uploads\/sites\/7\/2021\/09\/header-930x620-1-930x430.webp\" class=\"attachment-featured size-featured wp-image-3106\" alt=\"Import Metalix\" \/><\/div>\n\t\t<\/a>\n\t\t\t\t<div class=\"elementor-post__text\">\n\t\t\t\t<h3 class=\"elementor-post__title\">\n\t\t\t<a href=\"https:\/\/www.timeline-erp.com\/ro\/studiu-de-caz-importul-ofertelor-generate-de-un-program-de-nesting-taiere-cu-laser\/\" >\n\t\t\t\tStudiu de caz: importul ofertelor generate de un program de nesting (t\u0103iere cu laser)\t\t\t<\/a>\n\t\t<\/h3>\n\t\t\t\t<div class=\"elementor-post__meta-data\">\n\t\t\t\t\t<span class=\"elementor-post-date\">\n\t\t\t6. septembrie 2021\t\t<\/span>\n\t\t\t\t<\/div>\n\t\t\t\t<div class=\"elementor-post__excerpt\">\n\t\t\t<p>Crearea unui sistem de import al articolelor \u0219i ofertelor generate \u00eentr-un program extern de nesting pentru debitare cu laser<\/p>\t\t<\/div>\n\t\t\n\t\t<a class=\"elementor-post__read-more\" href=\"https:\/\/www.timeline-erp.com\/ro\/studiu-de-caz-importul-ofertelor-generate-de-un-program-de-nesting-taiere-cu-laser\/\" aria-label=\"Read more about Studiu de caz: importul ofertelor generate de un program de nesting (t\u0103iere cu laser)\" tabindex=\"-1\" >\n\t\t\tCite\u0219te mai mult \u00bb\t\t<\/a>\n\n\t\t\t\t<\/div>\n\t\t\t\t<\/article>\n\t\t\t\t<article class=\"elementor-post elementor-grid-item post-3068 post type-post status-publish format-standard has-post-thumbnail hentry category-info tag-adaptaredezvoltarementenantasarcini\" role=\"listitem\">\n\t\t\t\t<a class=\"elementor-post__thumbnail__link\" href=\"https:\/\/www.timeline-erp.com\/ro\/studiu-de-caz-crearea-unui-sistem-de-mentenanta-post-vanzare-cu-timeline-erp\/\" tabindex=\"-1\" >\n\t\t\t<div class=\"elementor-post__thumbnail\"><img loading=\"lazy\" decoding=\"async\" width=\"743\" height=\"400\" src=\"https:\/\/www.timeline-erp.com\/ro\/wp-content\/uploads\/sites\/7\/2021\/05\/customizare.jpg\" class=\"attachment-featured size-featured wp-image-3109\" alt=\"Customizare: sistem mentenanta post vanzare\" srcset=\"https:\/\/www.timeline-erp.com\/ro\/wp-content\/uploads\/sites\/7\/2021\/05\/customizare.jpg 743w, https:\/\/www.timeline-erp.com\/ro\/wp-content\/uploads\/sites\/7\/2021\/05\/customizare-300x162.webp 300w, https:\/\/www.timeline-erp.com\/ro\/wp-content\/uploads\/sites\/7\/2021\/05\/customizare-705x380.webp 705w\" sizes=\"(max-width: 743px) 100vw, 743px\" \/><\/div>\n\t\t<\/a>\n\t\t\t\t<div class=\"elementor-post__text\">\n\t\t\t\t<h3 class=\"elementor-post__title\">\n\t\t\t<a href=\"https:\/\/www.timeline-erp.com\/ro\/studiu-de-caz-crearea-unui-sistem-de-mentenanta-post-vanzare-cu-timeline-erp\/\" >\n\t\t\t\tStudiu de caz: crearea unui sistem de mentenan\u021b\u0103 post v\u00e2nzare cu TimeLine ERP\t\t\t<\/a>\n\t\t<\/h3>\n\t\t\t\t<div class=\"elementor-post__meta-data\">\n\t\t\t\t\t<span class=\"elementor-post-date\">\n\t\t\t12. mai 2021\t\t<\/span>\n\t\t\t\t<\/div>\n\t\t\t\t<div class=\"elementor-post__excerpt\">\n\t\t\t<p>O adaptare a sistemului TimeLine ERP v14: integrarea p\u0103r\u021bii de mentenan\u021b\u0103 post-v\u00e2nzare a utilajelor comercializate \u00een cadrul bazei de date unice, gestiunea centralizat\u0103 a informa\u021biilor colectate \u0219i includerea acestui departament \u00een procesele de achizi\u021bie \u0219i facturare centralizat\u0103.<\/p>\t\t<\/div>\n\t\t\n\t\t<a class=\"elementor-post__read-more\" href=\"https:\/\/www.timeline-erp.com\/ro\/studiu-de-caz-crearea-unui-sistem-de-mentenanta-post-vanzare-cu-timeline-erp\/\" aria-label=\"Read more about Studiu de caz: crearea unui sistem de mentenan\u021b\u0103 post v\u00e2nzare cu TimeLine ERP\" tabindex=\"-1\" >\n\t\t\tCite\u0219te mai mult \u00bb\t\t<\/a>\n\n\t\t\t\t<\/div>\n\t\t\t\t<\/article>\n\t\t\t\t<article class=\"elementor-post elementor-grid-item post-3056 post type-post status-publish format-standard has-post-thumbnail hentry category-info tag-testimonialtimeline-erptrasabilitatevideo\" role=\"listitem\">\n\t\t\t\t<a class=\"elementor-post__thumbnail__link\" href=\"https:\/\/www.timeline-erp.com\/ro\/testimonial-video-timeline-erp-in-practica\/\" tabindex=\"-1\" >\n\t\t\t<div class=\"elementor-post__thumbnail\"><img loading=\"lazy\" decoding=\"async\" width=\"1500\" height=\"430\" src=\"https:\/\/www.timeline-erp.com\/ro\/wp-content\/uploads\/sites\/7\/2024\/05\/triorail_testimonial-1500x430.webp\" class=\"attachment-featured size-featured wp-image-3057\" alt=\"\" \/><\/div>\n\t\t<\/a>\n\t\t\t\t<div class=\"elementor-post__text\">\n\t\t\t\t<h3 class=\"elementor-post__title\">\n\t\t\t<a href=\"https:\/\/www.timeline-erp.com\/ro\/testimonial-video-timeline-erp-in-practica\/\" >\n\t\t\t\tTestimonial video: TimeLine ERP \u00een practic\u0103\t\t\t<\/a>\n\t\t<\/h3>\n\t\t\t\t<div class=\"elementor-post__meta-data\">\n\t\t\t\t\t<span class=\"elementor-post-date\">\n\t\t\t20. noiembrie 2019\t\t<\/span>\n\t\t\t\t<\/div>\n\t\t\t\t<div class=\"elementor-post__excerpt\">\n\t\t\t<p>Avem pl\u0103cerea s\u0103 v\u0103 prezent\u0103m un testimonial f\u0103cut de colegii din Germania, \u00een care se prezint\u0103 pe scurt experien\u021ba firmei TrioRail cu TimeLine ERP. TrioRail este un IMM care produce componente electronice pentru comunica\u021bii feroviare. Pe l\u00e2ng\u0103 acoperirea func\u021bional\u0103 a cerin\u021belor (de exemplu, trasabilitatea produc\u021biei \u0219i a livr\u0103rilor) \u0219i u\u0219urin\u021ba \u00een utilizare, clientul este \u00eenc\u00e2ntat de rela\u021bia bun\u0103 cu firma<\/p>\n\t\t<\/div>\n\t\t\n\t\t<a class=\"elementor-post__read-more\" href=\"https:\/\/www.timeline-erp.com\/ro\/testimonial-video-timeline-erp-in-practica\/\" aria-label=\"Read more about Testimonial video: TimeLine ERP \u00een practic\u0103\" tabindex=\"-1\" >\n\t\t\tCite\u0219te mai mult \u00bb\t\t<\/a>\n\n\t\t\t\t<\/div>\n\t\t\t\t<\/article>\n\t\t\t\t<article class=\"elementor-post elementor-grid-item post-3042 post type-post status-publish format-standard has-post-thumbnail hentry category-info\" role=\"listitem\">\n\t\t\t\t<a class=\"elementor-post__thumbnail__link\" href=\"https:\/\/www.timeline-erp.com\/ro\/studiu-de-caz-managementul-comenzilor-succesive\/\" tabindex=\"-1\" >\n\t\t\t<div class=\"elementor-post__thumbnail\"><img loading=\"lazy\" decoding=\"async\" width=\"1000\" height=\"430\" src=\"https:\/\/www.timeline-erp.com\/ro\/wp-content\/uploads\/sites\/7\/2017\/12\/1-1000x430.png\" class=\"attachment-featured size-featured wp-image-3117\" alt=\"Customizare: import comenzi succesive\" \/><\/div>\n\t\t<\/a>\n\t\t\t\t<div class=\"elementor-post__text\">\n\t\t\t\t<h3 class=\"elementor-post__title\">\n\t\t\t<a href=\"https:\/\/www.timeline-erp.com\/ro\/studiu-de-caz-managementul-comenzilor-succesive\/\" >\n\t\t\t\tStudiu de caz: managementul comenzilor succesive\t\t\t<\/a>\n\t\t<\/h3>\n\t\t\t\t<div class=\"elementor-post__meta-data\">\n\t\t\t\t\t<span class=\"elementor-post-date\">\n\t\t\t13. decembrie 2017\t\t<\/span>\n\t\t\t\t<\/div>\n\t\t\t\t<div class=\"elementor-post__excerpt\">\n\t\t\t<p>Unele din principalele avantaje ale unui program de gestiune a \u00eentreprinderii (ERP) sunt optimizarea proceselor companiei \u0219i economia de timp \u00een realizarea sarcinilor repetitive. \u00cen articolul de ast\u0103zi v\u0103 prezent\u0103m un studiu de caz bazat pe o implementare TimeLine Neo la o companie orientat\u0103 pe produc\u021bie. \u00cen industria automotive se lucreaz\u0103 frecvent cu comenzi succesive (Call-Off\u00a0Purchase\u00a0Order), prin care acela\u0219i produs<\/p>\n\t\t<\/div>\n\t\t\n\t\t<a class=\"elementor-post__read-more\" href=\"https:\/\/www.timeline-erp.com\/ro\/studiu-de-caz-managementul-comenzilor-succesive\/\" aria-label=\"Read more about Studiu de caz: managementul comenzilor succesive\" tabindex=\"-1\" >\n\t\t\tCite\u0219te mai mult \u00bb\t\t<\/a>\n\n\t\t\t\t<\/div>\n\t\t\t\t<\/article>\n\t\t\t\t<\/div>\n\t\t\n\t\t\t\t\t\t<\/div>\n\t\t\t\t<\/div>\n\t\t\t\t\t<\/div>\n\t\t<\/div>\n\t\t\t\t\t<\/div>\n\t\t<\/section>\n\t\t\t\t<\/div>\n\t\t","protected":false},"excerpt":{"rendered":"","protected":false},"author":2,"featured_media":3204,"parent":0,"menu_order":0,"comment_status":"closed","ping_status":"closed","template":"","meta":{"footnotes":""},"class_list":["post-3120","page","type-page","status-publish","has-post-thumbnail","hentry"],"_links":{"self":[{"href":"https:\/\/www.timeline-erp.com\/ro\/wp-json\/wp\/v2\/pages\/3120","targetHints":{"allow":["GET"]}}],"collection":[{"href":"https:\/\/www.timeline-erp.com\/ro\/wp-json\/wp\/v2\/pages"}],"about":[{"href":"https:\/\/www.timeline-erp.com\/ro\/wp-json\/wp\/v2\/types\/page"}],"author":[{"embeddable":true,"href":"https:\/\/www.timeline-erp.com\/ro\/wp-json\/wp\/v2\/users\/2"}],"replies":[{"embeddable":true,"href":"https:\/\/www.timeline-erp.com\/ro\/wp-json\/wp\/v2\/comments?post=3120"}],"version-history":[{"count":25,"href":"https:\/\/www.timeline-erp.com\/ro\/wp-json\/wp\/v2\/pages\/3120\/revisions"}],"predecessor-version":[{"id":3234,"href":"https:\/\/www.timeline-erp.com\/ro\/wp-json\/wp\/v2\/pages\/3120\/revisions\/3234"}],"wp:featuredmedia":[{"embeddable":true,"href":"https:\/\/www.timeline-erp.com\/ro\/wp-json\/wp\/v2\/media\/3204"}],"wp:attachment":[{"href":"https:\/\/www.timeline-erp.com\/ro\/wp-json\/wp\/v2\/media?parent=3120"}],"curies":[{"name":"wp","href":"https:\/\/api.w.org\/{rel}","templated":true}]}}